{"id":12610,"date":"2014-05-29T00:00:00","date_gmt":"2014-05-28T22:00:00","guid":{"rendered":"https:\/\/innebrzmienia.eu\/?post_type=mec-events&#038;p=12610"},"modified":"2026-01-16T15:00:52","modified_gmt":"2026-01-16T14:00:52","slug":"lekso-gremelaszwili-i-meski-zespol-wokalny-kairos","status":"publish","type":"mec-events","link":"https:\/\/innebrzmienia.eu\/en\/events\/lekso-gremelaszwili-i-meski-zespol-wokalny-kairos\/","title":{"rendered":"Lekso Gremelaszwili and &#8220;Kairos\u201d | GEO\/POL"},"content":{"rendered":"<h2><strong>ABOUT<\/strong><\/h2>\n<p>&#8220;Song of Eternity&#8221; is a unique artistic experiment that bridges the multicultural musical traditions of Eastern Europe, the Caucasus, and the Middle East.<\/p>\n<p>This vocal-instrumental project is an attempt to find a universal musical language, crossing the boundaries between cultures and religions to reach back to the roots of Christianity. Works created across different eras and countries\u2014both secular and sacred, and sung in various languages\u2014are unified through instrumental improvisation to become a timeless message. <\/p>\n<p>The voices of the KAIROS ensemble intertwine with the sounds of original instruments from around the globe (African and Arabic drums, flute, zurna, lyre, and the Arabic oud), creating a new quality rich with contemporary interpretations and associations. The voice of the outstanding Georgian soloist, Lekso Gremelashvili, completes the ensemble, adding fine ornamentation to the musical landscape. <\/p>\n<p>At its core, &#8220;Song of Eternity&#8221; belongs to the world music genre, featuring elements of ethno and folk. The sound is enriched by a subtle play of lights, inviting the audience to participate in a unique mystery play\u2014an artistic meeting ground for different cultures, worlds, religions, and nationalities. <\/p>\n<p>Lekso Gremelashvili (vocals) \u2013 An exceptional singer and educator, specialist in Georgian polyphonic singing, and lecturer at the G. Mtacmindeli Higher School of Church Chant. He is a soloist with the Sakhioba ensemble. <\/p>\n<p>KAIROS Male Vocal Ensemble (dir. Borys Somerschaf) \u2013 The only vocal group in Poland specializing in the oldest chants of the Eastern Churches, as well as traditional songs of the Caucasian peoples and national minorities of the Polish Commonwealth throughout the centuries. <\/p>\n<p>Tadeusz Czechak (oud, lyre) \u2013 Guitarist, arranger, and lutenist. Founder of the early music ensemble DEKAMERON. He possesses a vast collection of historical and oriental instruments, often creating stylistic collages.   <\/p>\n<p>Micha\u0142 \u017bak (flute, clarinet, zurna, duduk) \u2013 A student of the eminent Breton flautist Jean-Michel Veillon and member of the Prusinowski Trio. He composes for silent films and theater, working across world music, jazz, and fusion.  <\/p>\n<p>Wojciech Lubertowicz (frame drums) \u2013 Specialist in oriental percussion (daf, bendir, darabuka, tombak), having studied under the renowned Zohar Fresco. He is both a performer and a sound engineer.    <\/p>\n<h2><strong>LISTEN<\/strong><\/h2>\n<p><iframe title=\"YouTube video player\" src=\"https:\/\/www.youtube.com\/embed\/ljQjF094N0M?si=aTvC8NyyI94bLLaA\" width=\"750\" height=\"500\" frameborder=\"0\" allowfullscreen=\"allowfullscreen\"><\/iframe><\/p>\n<p>&nbsp;<\/p>\n<h2><strong>VIEW PHOTOS<\/strong><\/h2>\nngg_shortcode_0_placeholder\n<h2>LIVE CLIP<\/h2>\n<p><iframe width=\"750\" height=\"500\" src=\"https:\/\/www.youtube.com\/embed\/y9eCnwO71N0?si=zEwUATOEoHiK1RN3\" title=\"YouTube video player\" frameborder=\"0\" allow=\"accelerometer; autoplay; clipboard-write; encrypted-media; gyroscope; picture-in-picture; web-share\" referrerpolicy=\"strict-origin-when-cross-origin\" allowfullscreen=\"\"><\/iframe><\/p>\n","protected":false},"excerpt":{"rendered":"<p>ABOUT &#8220;Song of Eternity&#8221; is a unique artistic experiment that  [&#8230;]<\/p>\n","protected":false},"author":5,"featured_media":11410,"comment_status":"closed","ping_status":"closed","template":"","meta":{"_acf_changed":false,"ngg_post_thumbnail":0},"tags":[],"kraj":[134,141],"typ":[133],"typ-pozamuzyczne":[372],"mec_category":[113],"class_list":["post-12610","mec-events","type-mec-events","status-publish","has-post-thumbnail","hentry","kraj-geo-en","kraj-pol-en","typ-concert","typ-pozamuzyczne-2014-en","mec_category-2014-en"],"acf":[],"yoast_head":"<!-- This site is optimized with the Yoast SEO plugin v23.9 - https:\/\/yoast.com\/wordpress\/plugins\/seo\/ -->\n<title>Lekso Gremelaszwili and &quot;Kairos\u201d | GEO\/POL<\/title>\n<meta name=\"description\" content=\"\u201ePie\u015b\u0144 wieczno\u015bci\u201d jest unikalnym eksperymentem artystycznym, \u0142\u0105cz\u0105cym wielokulturowe tradycje muzyczne wschodniej Europy, Kaukazu i Bliskiego Wschodu.\" \/>\n<meta name=\"robots\" content=\"index, follow, max-snippet:-1, max-image-preview:large, max-video-preview:-1\" \/>\n<link rel=\"canonical\" href=\"https:\/\/innebrzmienia.eu\/en\/events\/lekso-gremelaszwili-i-meski-zespol-wokalny-kairos\/\" \/>\n<meta property=\"og:locale\" content=\"en_US\" \/>\n<meta property=\"og:type\" content=\"article\" \/>\n<meta property=\"og:title\" content=\"Lekso Gremelaszwili and &quot;Kairos\u201d | GEO\/POL\" \/>\n<meta property=\"og:description\" content=\"\u201ePie\u015b\u0144 wieczno\u015bci\u201d jest unikalnym eksperymentem artystycznym, \u0142\u0105cz\u0105cym wielokulturowe tradycje muzyczne wschodniej Europy, Kaukazu i Bliskiego Wschodu.\" \/>\n<meta property=\"og:url\" content=\"https:\/\/innebrzmienia.eu\/en\/events\/lekso-gremelaszwili-i-meski-zespol-wokalny-kairos\/\" \/>\n<meta property=\"og:site_name\" content=\"Inne Brzmienia \/ Different Sounds\" \/>\n<meta property=\"article:publisher\" content=\"https:\/\/www.facebook.com\/innebrzmienia?fref=ts\" \/>\n<meta property=\"article:modified_time\" content=\"2026-01-16T14:00:52+00:00\" \/>\n<meta property=\"og:image\" content=\"https:\/\/innebrzmienia.eu\/wp-content\/uploads\/2025\/08\/nggallery_import\/fot.-Robert-Grablewski_2014_07_08_IB_024.jpg\" \/>\n\t<meta property=\"og:image:width\" content=\"1920\" \/>\n\t<meta property=\"og:image:height\" content=\"1278\" \/>\n\t<meta property=\"og:image:type\" content=\"image\/jpeg\" \/>\n<meta name=\"twitter:card\" content=\"summary_large_image\" \/>\n<meta name=\"twitter:site\" content=\"@InneBrzmienia\" \/>\n<meta name=\"twitter:label1\" content=\"Est. reading time\" \/>\n\t<meta name=\"twitter:data1\" content=\"4 minutes\" \/>\n<script type=\"application\/ld+json\" class=\"yoast-schema-graph\">{\"@context\":\"https:\/\/schema.org\",\"@graph\":[{\"@type\":\"WebPage\",\"@id\":\"https:\/\/innebrzmienia.eu\/en\/events\/lekso-gremelaszwili-i-meski-zespol-wokalny-kairos\/\",\"url\":\"https:\/\/innebrzmienia.eu\/en\/events\/lekso-gremelaszwili-i-meski-zespol-wokalny-kairos\/\",\"name\":\"Lekso Gremelaszwili and \\\"Kairos\u201d | GEO\/POL\",\"isPartOf\":{\"@id\":\"https:\/\/innebrzmienia.eu\/en\/#website\"},\"primaryImageOfPage\":{\"@id\":\"https:\/\/innebrzmienia.eu\/en\/events\/lekso-gremelaszwili-i-meski-zespol-wokalny-kairos\/#primaryimage\"},\"image\":{\"@id\":\"https:\/\/innebrzmienia.eu\/en\/events\/lekso-gremelaszwili-i-meski-zespol-wokalny-kairos\/#primaryimage\"},\"thumbnailUrl\":\"https:\/\/innebrzmienia.eu\/wp-content\/uploads\/2025\/08\/nggallery_import\/fot.-Robert-Grablewski_2014_07_08_IB_024.jpg\",\"datePublished\":\"2014-05-28T22:00:00+00:00\",\"dateModified\":\"2026-01-16T14:00:52+00:00\",\"description\":\"\u201ePie\u015b\u0144 wieczno\u015bci\u201d jest unikalnym eksperymentem artystycznym, \u0142\u0105cz\u0105cym wielokulturowe tradycje muzyczne wschodniej Europy, Kaukazu i Bliskiego Wschodu.\",\"breadcrumb\":{\"@id\":\"https:\/\/innebrzmienia.eu\/en\/events\/lekso-gremelaszwili-i-meski-zespol-wokalny-kairos\/#breadcrumb\"},\"inLanguage\":\"en-US\",\"potentialAction\":[{\"@type\":\"ReadAction\",\"target\":[\"https:\/\/innebrzmienia.eu\/en\/events\/lekso-gremelaszwili-i-meski-zespol-wokalny-kairos\/\"]}]},{\"@type\":\"ImageObject\",\"inLanguage\":\"en-US\",\"@id\":\"https:\/\/innebrzmienia.eu\/en\/events\/lekso-gremelaszwili-i-meski-zespol-wokalny-kairos\/#primaryimage\",\"url\":\"https:\/\/innebrzmienia.eu\/wp-content\/uploads\/2025\/08\/nggallery_import\/fot.-Robert-Grablewski_2014_07_08_IB_024.jpg\",\"contentUrl\":\"https:\/\/innebrzmienia.eu\/wp-content\/uploads\/2025\/08\/nggallery_import\/fot.-Robert-Grablewski_2014_07_08_IB_024.jpg\",\"width\":1920,\"height\":1278,\"caption\":\"Ch\u00f3r m\u0119ski \u015bpiewa w Bazylice Ojc\u00f3w Dominikan\u00f3w.\"},{\"@type\":\"BreadcrumbList\",\"@id\":\"https:\/\/innebrzmienia.eu\/en\/events\/lekso-gremelaszwili-i-meski-zespol-wokalny-kairos\/#breadcrumb\",\"itemListElement\":[{\"@type\":\"ListItem\",\"position\":1,\"name\":\"Strona g\u0142\u00f3wna\",\"item\":\"https:\/\/innebrzmienia.eu\/en\/\"},{\"@type\":\"ListItem\",\"position\":2,\"name\":\"Events\",\"item\":\"https:\/\/innebrzmienia.eu\/en\/events\/\"},{\"@type\":\"ListItem\",\"position\":3,\"name\":\"Lekso Gremelaszwili and &#8220;Kairos\u201d | GEO\/POL\"}]},{\"@type\":\"WebSite\",\"@id\":\"https:\/\/innebrzmienia.eu\/en\/#website\",\"url\":\"https:\/\/innebrzmienia.eu\/en\/\",\"name\":\"Inne Brzmienia\",\"description\":\"\",\"publisher\":{\"@id\":\"https:\/\/innebrzmienia.eu\/en\/#organization\"},\"potentialAction\":[{\"@type\":\"SearchAction\",\"target\":{\"@type\":\"EntryPoint\",\"urlTemplate\":\"https:\/\/innebrzmienia.eu\/en\/?s={search_term_string}\"},\"query-input\":{\"@type\":\"PropertyValueSpecification\",\"valueRequired\":true,\"valueName\":\"search_term_string\"}}],\"inLanguage\":\"en-US\"},{\"@type\":\"Organization\",\"@id\":\"https:\/\/innebrzmienia.eu\/en\/#organization\",\"name\":\"Inne Brzmienia\",\"url\":\"https:\/\/innebrzmienia.eu\/en\/\",\"logo\":{\"@type\":\"ImageObject\",\"inLanguage\":\"en-US\",\"@id\":\"https:\/\/innebrzmienia.eu\/en\/#\/schema\/logo\/image\/\",\"url\":\"https:\/\/innebrzmienia.eu\/wp-content\/uploads\/2024\/04\/inne_brzmienia_logo_1.png\",\"contentUrl\":\"https:\/\/innebrzmienia.eu\/wp-content\/uploads\/2024\/04\/inne_brzmienia_logo_1.png\",\"width\":269,\"height\":220,\"caption\":\"Inne Brzmienia\"},\"image\":{\"@id\":\"https:\/\/innebrzmienia.eu\/en\/#\/schema\/logo\/image\/\"},\"sameAs\":[\"https:\/\/www.facebook.com\/innebrzmienia?fref=ts\",\"https:\/\/x.com\/InneBrzmienia\",\"https:\/\/www.youtube.com\/channel\/UCtgOFzFe4kx-y0kti2lcoCA\"]}]}<\/script>\n<!-- \/ Yoast SEO plugin. -->","yoast_head_json":{"title":"Lekso Gremelaszwili and \"Kairos\u201d | GEO\/POL","description":"\u201ePie\u015b\u0144 wieczno\u015bci\u201d jest unikalnym eksperymentem artystycznym, \u0142\u0105cz\u0105cym wielokulturowe tradycje muzyczne wschodniej Europy, Kaukazu i Bliskiego Wschodu.","robots":{"index":"index","follow":"follow","max-snippet":"max-snippet:-1","max-image-preview":"max-image-preview:large","max-video-preview":"max-video-preview:-1"},"canonical":"https:\/\/innebrzmienia.eu\/en\/events\/lekso-gremelaszwili-i-meski-zespol-wokalny-kairos\/","og_locale":"en_US","og_type":"article","og_title":"Lekso Gremelaszwili and \"Kairos\u201d | GEO\/POL","og_description":"\u201ePie\u015b\u0144 wieczno\u015bci\u201d jest unikalnym eksperymentem artystycznym, \u0142\u0105cz\u0105cym wielokulturowe tradycje muzyczne wschodniej Europy, Kaukazu i Bliskiego Wschodu.","og_url":"https:\/\/innebrzmienia.eu\/en\/events\/lekso-gremelaszwili-i-meski-zespol-wokalny-kairos\/","og_site_name":"Inne Brzmienia \/ Different Sounds","article_publisher":"https:\/\/www.facebook.com\/innebrzmienia?fref=ts","article_modified_time":"2026-01-16T14:00:52+00:00","og_image":[{"width":1920,"height":1278,"url":"https:\/\/innebrzmienia.eu\/wp-content\/uploads\/2025\/08\/nggallery_import\/fot.-Robert-Grablewski_2014_07_08_IB_024.jpg","type":"image\/jpeg"}],"twitter_card":"summary_large_image","twitter_site":"@InneBrzmienia","twitter_misc":{"Est. reading time":"4 minutes"},"schema":{"@context":"https:\/\/schema.org","@graph":[{"@type":"WebPage","@id":"https:\/\/innebrzmienia.eu\/en\/events\/lekso-gremelaszwili-i-meski-zespol-wokalny-kairos\/","url":"https:\/\/innebrzmienia.eu\/en\/events\/lekso-gremelaszwili-i-meski-zespol-wokalny-kairos\/","name":"Lekso Gremelaszwili and \"Kairos\u201d | GEO\/POL","isPartOf":{"@id":"https:\/\/innebrzmienia.eu\/en\/#website"},"primaryImageOfPage":{"@id":"https:\/\/innebrzmienia.eu\/en\/events\/lekso-gremelaszwili-i-meski-zespol-wokalny-kairos\/#primaryimage"},"image":{"@id":"https:\/\/innebrzmienia.eu\/en\/events\/lekso-gremelaszwili-i-meski-zespol-wokalny-kairos\/#primaryimage"},"thumbnailUrl":"https:\/\/innebrzmienia.eu\/wp-content\/uploads\/2025\/08\/nggallery_import\/fot.-Robert-Grablewski_2014_07_08_IB_024.jpg","datePublished":"2014-05-28T22:00:00+00:00","dateModified":"2026-01-16T14:00:52+00:00","description":"\u201ePie\u015b\u0144 wieczno\u015bci\u201d jest unikalnym eksperymentem artystycznym, \u0142\u0105cz\u0105cym wielokulturowe tradycje muzyczne wschodniej Europy, Kaukazu i Bliskiego Wschodu.","breadcrumb":{"@id":"https:\/\/innebrzmienia.eu\/en\/events\/lekso-gremelaszwili-i-meski-zespol-wokalny-kairos\/#breadcrumb"},"inLanguage":"en-US","potentialAction":[{"@type":"ReadAction","target":["https:\/\/innebrzmienia.eu\/en\/events\/lekso-gremelaszwili-i-meski-zespol-wokalny-kairos\/"]}]},{"@type":"ImageObject","inLanguage":"en-US","@id":"https:\/\/innebrzmienia.eu\/en\/events\/lekso-gremelaszwili-i-meski-zespol-wokalny-kairos\/#primaryimage","url":"https:\/\/innebrzmienia.eu\/wp-content\/uploads\/2025\/08\/nggallery_import\/fot.-Robert-Grablewski_2014_07_08_IB_024.jpg","contentUrl":"https:\/\/innebrzmienia.eu\/wp-content\/uploads\/2025\/08\/nggallery_import\/fot.-Robert-Grablewski_2014_07_08_IB_024.jpg","width":1920,"height":1278,"caption":"Ch\u00f3r m\u0119ski \u015bpiewa w Bazylice Ojc\u00f3w Dominikan\u00f3w."},{"@type":"BreadcrumbList","@id":"https:\/\/innebrzmienia.eu\/en\/events\/lekso-gremelaszwili-i-meski-zespol-wokalny-kairos\/#breadcrumb","itemListElement":[{"@type":"ListItem","position":1,"name":"Strona g\u0142\u00f3wna","item":"https:\/\/innebrzmienia.eu\/en\/"},{"@type":"ListItem","position":2,"name":"Events","item":"https:\/\/innebrzmienia.eu\/en\/events\/"},{"@type":"ListItem","position":3,"name":"Lekso Gremelaszwili and &#8220;Kairos\u201d | GEO\/POL"}]},{"@type":"WebSite","@id":"https:\/\/innebrzmienia.eu\/en\/#website","url":"https:\/\/innebrzmienia.eu\/en\/","name":"Inne Brzmienia","description":"","publisher":{"@id":"https:\/\/innebrzmienia.eu\/en\/#organization"},"potentialAction":[{"@type":"SearchAction","target":{"@type":"EntryPoint","urlTemplate":"https:\/\/innebrzmienia.eu\/en\/?s={search_term_string}"},"query-input":{"@type":"PropertyValueSpecification","valueRequired":true,"valueName":"search_term_string"}}],"inLanguage":"en-US"},{"@type":"Organization","@id":"https:\/\/innebrzmienia.eu\/en\/#organization","name":"Inne Brzmienia","url":"https:\/\/innebrzmienia.eu\/en\/","logo":{"@type":"ImageObject","inLanguage":"en-US","@id":"https:\/\/innebrzmienia.eu\/en\/#\/schema\/logo\/image\/","url":"https:\/\/innebrzmienia.eu\/wp-content\/uploads\/2024\/04\/inne_brzmienia_logo_1.png","contentUrl":"https:\/\/innebrzmienia.eu\/wp-content\/uploads\/2024\/04\/inne_brzmienia_logo_1.png","width":269,"height":220,"caption":"Inne Brzmienia"},"image":{"@id":"https:\/\/innebrzmienia.eu\/en\/#\/schema\/logo\/image\/"},"sameAs":["https:\/\/www.facebook.com\/innebrzmienia?fref=ts","https:\/\/x.com\/InneBrzmienia","https:\/\/www.youtube.com\/channel\/UCtgOFzFe4kx-y0kti2lcoCA"]}]}},"_links":{"self":[{"href":"https:\/\/innebrzmienia.eu\/en\/wp-json\/wp\/v2\/mec-events\/12610","targetHints":{"allow":["GET"]}}],"collection":[{"href":"https:\/\/innebrzmienia.eu\/en\/wp-json\/wp\/v2\/mec-events"}],"about":[{"href":"https:\/\/innebrzmienia.eu\/en\/wp-json\/wp\/v2\/types\/mec-events"}],"author":[{"embeddable":true,"href":"https:\/\/innebrzmienia.eu\/en\/wp-json\/wp\/v2\/users\/5"}],"replies":[{"embeddable":true,"href":"https:\/\/innebrzmienia.eu\/en\/wp-json\/wp\/v2\/comments?post=12610"}],"wp:featuredmedia":[{"embeddable":true,"href":"https:\/\/innebrzmienia.eu\/en\/wp-json\/wp\/v2\/media\/11410"}],"wp:attachment":[{"href":"https:\/\/innebrzmienia.eu\/en\/wp-json\/wp\/v2\/media?parent=12610"}],"wp:term":[{"taxonomy":"post_tag","embeddable":true,"href":"https:\/\/innebrzmienia.eu\/en\/wp-json\/wp\/v2\/tags?post=12610"},{"taxonomy":"kraj","embeddable":true,"href":"https:\/\/innebrzmienia.eu\/en\/wp-json\/wp\/v2\/kraj?post=12610"},{"taxonomy":"typ","embeddable":true,"href":"https:\/\/innebrzmienia.eu\/en\/wp-json\/wp\/v2\/typ?post=12610"},{"taxonomy":"typ-pozamuzyczne","embeddable":true,"href":"https:\/\/innebrzmienia.eu\/en\/wp-json\/wp\/v2\/typ-pozamuzyczne?post=12610"},{"taxonomy":"mec_category","embeddable":true,"href":"https:\/\/innebrzmienia.eu\/en\/wp-json\/wp\/v2\/mec_category?post=12610"}],"curies":[{"name":"wp","href":"https:\/\/api.w.org\/{rel}","templated":true}]}}