{"id":12608,"date":"2014-05-29T00:00:00","date_gmt":"2014-05-28T22:00:00","guid":{"rendered":"https:\/\/innebrzmienia.eu\/?post_type=mec-events&#038;p=12608"},"modified":"2026-01-13T14:14:54","modified_gmt":"2026-01-13T13:14:54","slug":"shofar","status":"publish","type":"mec-events","link":"https:\/\/innebrzmienia.eu\/en\/events\/shofar\/","title":{"rendered":"Shofar | POL"},"content":{"rendered":"<h2>ABOUT<\/h2>\n<p>Members:<br \/>\nRaphael Rogi\u0144ski &#8211; electric guitar<br \/>\nMiko\u0142aj Trzaska \u2013 alto saxophone, clarinets<br \/>\nMacio Moretti &#8211; percussion<\/p>\n<p>The repertoire of the group Shofar consists of traditional Jewish religious music. Much like the tradition of Torah commentary, the trio uses music to recreate various currents of spirituality. Thus, alongside Hasidic nigunim, one finds music from the oldest synagogue rites, and alongside the songs of interwar cantors, music from the liberal rite. The pieces they perform originate from pre-war musicological research conducted in Ukraine, Poland, and Moldova. Most often, these are so-called &#8220;nigunim&#8221;\u2014mystical religious songs intended, in some cases, to induce a state of trance and ecstasy. The band also plays &#8220;freylachs&#8221; (more dance-oriented pieces) and compositions derived from Jewish liturgy.      <\/p>\n<p>Currently, their concert program consists primarily of works from the Hasidic tradition. The main impulse for exploring this heritage was Raphael Rogi\u0144ski\u2019s discovery of a collection of Hasidic songs by Moshe Beregovsky (1892\u20131961). A musicologist who began researching Jewish music in the 1920s, Beregovsky produced a volume specifically dedicated to the Hasidic tradition as one of the results of his work. By preserving the original melodic material in an unaltered form, the band allows us to experience the full spectrum of Hasidic music and its associated culture\u2014all of which is blended with a contemporary approach to creative jazz.    <\/p>\n<p>Shofar debuted in 2007 with the album Shofar. Their second album, Ha-Huncvot, premiered this year during a concert at Lincoln Center in New York, which was part of the band\u2019s concert tour across the United States and Canada.<\/p>\n<p>December 2013 saw the release of a DVD featuring a recording of Shofar\u2019s concert at the Warsaw club Powi\u0119kszenie.<\/p>\n<p> All of the group&#8217;s releases have been published by the independent label Kilogram Records.<\/p>\n<h2 class=\"fusion-responsive-typography-calculated\" data-fontsize=\"36\" data-lineheight=\"41.04px\">KILOGRAM RECORDS<\/h2>\n<p class=\"p2\">This concert is presented as part of a showcase of the Kilogram Records catalogue.<\/p>\n<p>Starting with this year&#8217;s edition, a permanent fixture of the Different Sounds festival will be the presentation of domestic independent record labels. First up is Kilogram Records\u2014one of the most interesting Polish labels of the new century, whose impact extends far beyond the sphere of music. <\/p>\n<p>An uncompromising, original vision, a wealth of cultural contexts, and a consistent, attractive graphic design make the label a unique and significant phenomenon.<\/p>\n<p>Kilogram Records was founded in 2000 in Gda\u0144sk by Ola and Miko\u0142aj Trzaska. They were inspired by an initiative developed by another creative couple\u2014the literary publishing house Czarne, run by Monika Sznajderman and Andrzej Stasiuk. &nbsp;<\/p>\n<p><strong><a href=\"https:\/\/innebrzmienia.eu\/events\/kilogram-records-spotkanie-z-ola-i-mikolajem-trzaska\/\" target=\"_blank\" rel=\"noopener\">READ MORE<\/a><\/strong><\/p>\n<p>&nbsp;<\/p>\n<p>&nbsp;<\/p>\n<h2><strong>VIEW PHOTOS<\/strong><\/h2>\nngg_shortcode_0_placeholder\n<h2>LIVE CLIP<\/h2>\n<p><iframe title=\"YouTube video player\" src=\"https:\/\/www.youtube.com\/embed\/basC6aoVL0c?si=08rl1nQh4818krNB\" width=\"750\" height=\"500\" frameborder=\"0\" allowfullscreen=\"allowfullscreen\"><span data-mce-type=\"bookmark\" style=\"display: inline-block; width: 0px; overflow: hidden; line-height: 0;\" class=\"mce_SELRES_start\"><\/span><\/iframe><\/p>\n","protected":false},"excerpt":{"rendered":"<p>ABOUT Members: Raphael Rogi\u0144ski &#8211; electric guitar Miko\u0142aj Trzaska \u2013  [&#8230;]<\/p>\n","protected":false},"author":1,"featured_media":11399,"comment_status":"closed","ping_status":"closed","template":"","meta":{"_acf_changed":false,"ngg_post_thumbnail":0},"tags":[],"kraj":[141],"typ":[133],"typ-pozamuzyczne":[372],"mec_category":[113],"class_list":["post-12608","mec-events","type-mec-events","status-publish","has-post-thumbnail","hentry","kraj-pol-en","typ-concert","typ-pozamuzyczne-2014-en","mec_category-2014-en"],"acf":[],"yoast_head":"<!-- This site is optimized with the Yoast SEO plugin v23.9 - https:\/\/yoast.com\/wordpress\/plugins\/seo\/ -->\n<title>Shofar | POL<\/title>\n<meta name=\"description\" content=\"Repertuar zespo\u0142u Shofar sk\u0142ada si\u0119 z tradycyjnej religijnej muzyki \u017cydowskiej.\" \/>\n<meta name=\"robots\" content=\"index, follow, max-snippet:-1, max-image-preview:large, max-video-preview:-1\" \/>\n<link rel=\"canonical\" href=\"https:\/\/innebrzmienia.eu\/en\/events\/shofar\/\" \/>\n<meta property=\"og:locale\" content=\"en_US\" \/>\n<meta property=\"og:type\" content=\"article\" \/>\n<meta property=\"og:title\" content=\"Shofar | POL\" \/>\n<meta property=\"og:description\" content=\"Repertuar zespo\u0142u Shofar sk\u0142ada si\u0119 z tradycyjnej religijnej muzyki \u017cydowskiej.\" \/>\n<meta property=\"og:url\" content=\"https:\/\/innebrzmienia.eu\/en\/events\/shofar\/\" \/>\n<meta property=\"og:site_name\" content=\"Inne Brzmienia \/ Different Sounds\" \/>\n<meta property=\"article:publisher\" content=\"https:\/\/www.facebook.com\/innebrzmienia?fref=ts\" \/>\n<meta property=\"article:modified_time\" content=\"2026-01-13T13:14:54+00:00\" \/>\n<meta property=\"og:image\" content=\"https:\/\/innebrzmienia.eu\/wp-content\/uploads\/2025\/08\/nggallery_import\/fot.-Tomasz-Bylina__mg_6049.jpg\" \/>\n\t<meta property=\"og:image:width\" content=\"1920\" \/>\n\t<meta property=\"og:image:height\" content=\"1280\" \/>\n\t<meta property=\"og:image:type\" content=\"image\/jpeg\" \/>\n<meta name=\"twitter:card\" content=\"summary_large_image\" \/>\n<meta name=\"twitter:site\" content=\"@InneBrzmienia\" \/>\n<script type=\"application\/ld+json\" class=\"yoast-schema-graph\">{\"@context\":\"https:\/\/schema.org\",\"@graph\":[{\"@type\":\"WebPage\",\"@id\":\"https:\/\/innebrzmienia.eu\/en\/events\/shofar\/\",\"url\":\"https:\/\/innebrzmienia.eu\/en\/events\/shofar\/\",\"name\":\"Shofar | POL\",\"isPartOf\":{\"@id\":\"https:\/\/innebrzmienia.eu\/en\/#website\"},\"primaryImageOfPage\":{\"@id\":\"https:\/\/innebrzmienia.eu\/en\/events\/shofar\/#primaryimage\"},\"image\":{\"@id\":\"https:\/\/innebrzmienia.eu\/en\/events\/shofar\/#primaryimage\"},\"thumbnailUrl\":\"https:\/\/innebrzmienia.eu\/wp-content\/uploads\/2025\/08\/nggallery_import\/fot.-Tomasz-Bylina__mg_6049.jpg\",\"datePublished\":\"2014-05-28T22:00:00+00:00\",\"dateModified\":\"2026-01-13T13:14:54+00:00\",\"description\":\"Repertuar zespo\u0142u Shofar sk\u0142ada si\u0119 z tradycyjnej religijnej muzyki \u017cydowskiej.\",\"breadcrumb\":{\"@id\":\"https:\/\/innebrzmienia.eu\/en\/events\/shofar\/#breadcrumb\"},\"inLanguage\":\"en-US\",\"potentialAction\":[{\"@type\":\"ReadAction\",\"target\":[\"https:\/\/innebrzmienia.eu\/en\/events\/shofar\/\"]}]},{\"@type\":\"ImageObject\",\"inLanguage\":\"en-US\",\"@id\":\"https:\/\/innebrzmienia.eu\/en\/events\/shofar\/#primaryimage\",\"url\":\"https:\/\/innebrzmienia.eu\/wp-content\/uploads\/2025\/08\/nggallery_import\/fot.-Tomasz-Bylina__mg_6049.jpg\",\"contentUrl\":\"https:\/\/innebrzmienia.eu\/wp-content\/uploads\/2025\/08\/nggallery_import\/fot.-Tomasz-Bylina__mg_6049.jpg\",\"width\":1920,\"height\":1280,\"caption\":\"Trzech muzyk\u00f3w podczas koncertu. Pod scen\u0105 siedzi publiczno\u015b\u0107 na le\u017cakach.\"},{\"@type\":\"BreadcrumbList\",\"@id\":\"https:\/\/innebrzmienia.eu\/en\/events\/shofar\/#breadcrumb\",\"itemListElement\":[{\"@type\":\"ListItem\",\"position\":1,\"name\":\"Strona g\u0142\u00f3wna\",\"item\":\"https:\/\/innebrzmienia.eu\/en\/\"},{\"@type\":\"ListItem\",\"position\":2,\"name\":\"Events\",\"item\":\"https:\/\/innebrzmienia.eu\/en\/events\/\"},{\"@type\":\"ListItem\",\"position\":3,\"name\":\"Shofar | POL\"}]},{\"@type\":\"WebSite\",\"@id\":\"https:\/\/innebrzmienia.eu\/en\/#website\",\"url\":\"https:\/\/innebrzmienia.eu\/en\/\",\"name\":\"Inne Brzmienia\",\"description\":\"\",\"publisher\":{\"@id\":\"https:\/\/innebrzmienia.eu\/en\/#organization\"},\"potentialAction\":[{\"@type\":\"SearchAction\",\"target\":{\"@type\":\"EntryPoint\",\"urlTemplate\":\"https:\/\/innebrzmienia.eu\/en\/?s={search_term_string}\"},\"query-input\":{\"@type\":\"PropertyValueSpecification\",\"valueRequired\":true,\"valueName\":\"search_term_string\"}}],\"inLanguage\":\"en-US\"},{\"@type\":\"Organization\",\"@id\":\"https:\/\/innebrzmienia.eu\/en\/#organization\",\"name\":\"Inne Brzmienia\",\"url\":\"https:\/\/innebrzmienia.eu\/en\/\",\"logo\":{\"@type\":\"ImageObject\",\"inLanguage\":\"en-US\",\"@id\":\"https:\/\/innebrzmienia.eu\/en\/#\/schema\/logo\/image\/\",\"url\":\"https:\/\/innebrzmienia.eu\/wp-content\/uploads\/2024\/04\/inne_brzmienia_logo_1.png\",\"contentUrl\":\"https:\/\/innebrzmienia.eu\/wp-content\/uploads\/2024\/04\/inne_brzmienia_logo_1.png\",\"width\":269,\"height\":220,\"caption\":\"Inne Brzmienia\"},\"image\":{\"@id\":\"https:\/\/innebrzmienia.eu\/en\/#\/schema\/logo\/image\/\"},\"sameAs\":[\"https:\/\/www.facebook.com\/innebrzmienia?fref=ts\",\"https:\/\/x.com\/InneBrzmienia\",\"https:\/\/www.youtube.com\/channel\/UCtgOFzFe4kx-y0kti2lcoCA\"]}]}<\/script>\n<!-- \/ Yoast SEO plugin. -->","yoast_head_json":{"title":"Shofar | POL","description":"Repertuar zespo\u0142u Shofar sk\u0142ada si\u0119 z tradycyjnej religijnej muzyki \u017cydowskiej.","robots":{"index":"index","follow":"follow","max-snippet":"max-snippet:-1","max-image-preview":"max-image-preview:large","max-video-preview":"max-video-preview:-1"},"canonical":"https:\/\/innebrzmienia.eu\/en\/events\/shofar\/","og_locale":"en_US","og_type":"article","og_title":"Shofar | POL","og_description":"Repertuar zespo\u0142u Shofar sk\u0142ada si\u0119 z tradycyjnej religijnej muzyki \u017cydowskiej.","og_url":"https:\/\/innebrzmienia.eu\/en\/events\/shofar\/","og_site_name":"Inne Brzmienia \/ Different Sounds","article_publisher":"https:\/\/www.facebook.com\/innebrzmienia?fref=ts","article_modified_time":"2026-01-13T13:14:54+00:00","og_image":[{"width":1920,"height":1280,"url":"https:\/\/innebrzmienia.eu\/wp-content\/uploads\/2025\/08\/nggallery_import\/fot.-Tomasz-Bylina__mg_6049.jpg","type":"image\/jpeg"}],"twitter_card":"summary_large_image","twitter_site":"@InneBrzmienia","schema":{"@context":"https:\/\/schema.org","@graph":[{"@type":"WebPage","@id":"https:\/\/innebrzmienia.eu\/en\/events\/shofar\/","url":"https:\/\/innebrzmienia.eu\/en\/events\/shofar\/","name":"Shofar | POL","isPartOf":{"@id":"https:\/\/innebrzmienia.eu\/en\/#website"},"primaryImageOfPage":{"@id":"https:\/\/innebrzmienia.eu\/en\/events\/shofar\/#primaryimage"},"image":{"@id":"https:\/\/innebrzmienia.eu\/en\/events\/shofar\/#primaryimage"},"thumbnailUrl":"https:\/\/innebrzmienia.eu\/wp-content\/uploads\/2025\/08\/nggallery_import\/fot.-Tomasz-Bylina__mg_6049.jpg","datePublished":"2014-05-28T22:00:00+00:00","dateModified":"2026-01-13T13:14:54+00:00","description":"Repertuar zespo\u0142u Shofar sk\u0142ada si\u0119 z tradycyjnej religijnej muzyki \u017cydowskiej.","breadcrumb":{"@id":"https:\/\/innebrzmienia.eu\/en\/events\/shofar\/#breadcrumb"},"inLanguage":"en-US","potentialAction":[{"@type":"ReadAction","target":["https:\/\/innebrzmienia.eu\/en\/events\/shofar\/"]}]},{"@type":"ImageObject","inLanguage":"en-US","@id":"https:\/\/innebrzmienia.eu\/en\/events\/shofar\/#primaryimage","url":"https:\/\/innebrzmienia.eu\/wp-content\/uploads\/2025\/08\/nggallery_import\/fot.-Tomasz-Bylina__mg_6049.jpg","contentUrl":"https:\/\/innebrzmienia.eu\/wp-content\/uploads\/2025\/08\/nggallery_import\/fot.-Tomasz-Bylina__mg_6049.jpg","width":1920,"height":1280,"caption":"Trzech muzyk\u00f3w podczas koncertu. Pod scen\u0105 siedzi publiczno\u015b\u0107 na le\u017cakach."},{"@type":"BreadcrumbList","@id":"https:\/\/innebrzmienia.eu\/en\/events\/shofar\/#breadcrumb","itemListElement":[{"@type":"ListItem","position":1,"name":"Strona g\u0142\u00f3wna","item":"https:\/\/innebrzmienia.eu\/en\/"},{"@type":"ListItem","position":2,"name":"Events","item":"https:\/\/innebrzmienia.eu\/en\/events\/"},{"@type":"ListItem","position":3,"name":"Shofar | POL"}]},{"@type":"WebSite","@id":"https:\/\/innebrzmienia.eu\/en\/#website","url":"https:\/\/innebrzmienia.eu\/en\/","name":"Inne Brzmienia","description":"","publisher":{"@id":"https:\/\/innebrzmienia.eu\/en\/#organization"},"potentialAction":[{"@type":"SearchAction","target":{"@type":"EntryPoint","urlTemplate":"https:\/\/innebrzmienia.eu\/en\/?s={search_term_string}"},"query-input":{"@type":"PropertyValueSpecification","valueRequired":true,"valueName":"search_term_string"}}],"inLanguage":"en-US"},{"@type":"Organization","@id":"https:\/\/innebrzmienia.eu\/en\/#organization","name":"Inne Brzmienia","url":"https:\/\/innebrzmienia.eu\/en\/","logo":{"@type":"ImageObject","inLanguage":"en-US","@id":"https:\/\/innebrzmienia.eu\/en\/#\/schema\/logo\/image\/","url":"https:\/\/innebrzmienia.eu\/wp-content\/uploads\/2024\/04\/inne_brzmienia_logo_1.png","contentUrl":"https:\/\/innebrzmienia.eu\/wp-content\/uploads\/2024\/04\/inne_brzmienia_logo_1.png","width":269,"height":220,"caption":"Inne Brzmienia"},"image":{"@id":"https:\/\/innebrzmienia.eu\/en\/#\/schema\/logo\/image\/"},"sameAs":["https:\/\/www.facebook.com\/innebrzmienia?fref=ts","https:\/\/x.com\/InneBrzmienia","https:\/\/www.youtube.com\/channel\/UCtgOFzFe4kx-y0kti2lcoCA"]}]}},"_links":{"self":[{"href":"https:\/\/innebrzmienia.eu\/en\/wp-json\/wp\/v2\/mec-events\/12608","targetHints":{"allow":["GET"]}}],"collection":[{"href":"https:\/\/innebrzmienia.eu\/en\/wp-json\/wp\/v2\/mec-events"}],"about":[{"href":"https:\/\/innebrzmienia.eu\/en\/wp-json\/wp\/v2\/types\/mec-events"}],"author":[{"embeddable":true,"href":"https:\/\/innebrzmienia.eu\/en\/wp-json\/wp\/v2\/users\/1"}],"replies":[{"embeddable":true,"href":"https:\/\/innebrzmienia.eu\/en\/wp-json\/wp\/v2\/comments?post=12608"}],"wp:featuredmedia":[{"embeddable":true,"href":"https:\/\/innebrzmienia.eu\/en\/wp-json\/wp\/v2\/media\/11399"}],"wp:attachment":[{"href":"https:\/\/innebrzmienia.eu\/en\/wp-json\/wp\/v2\/media?parent=12608"}],"wp:term":[{"taxonomy":"post_tag","embeddable":true,"href":"https:\/\/innebrzmienia.eu\/en\/wp-json\/wp\/v2\/tags?post=12608"},{"taxonomy":"kraj","embeddable":true,"href":"https:\/\/innebrzmienia.eu\/en\/wp-json\/wp\/v2\/kraj?post=12608"},{"taxonomy":"typ","embeddable":true,"href":"https:\/\/innebrzmienia.eu\/en\/wp-json\/wp\/v2\/typ?post=12608"},{"taxonomy":"typ-pozamuzyczne","embeddable":true,"href":"https:\/\/innebrzmienia.eu\/en\/wp-json\/wp\/v2\/typ-pozamuzyczne?post=12608"},{"taxonomy":"mec_category","embeddable":true,"href":"https:\/\/innebrzmienia.eu\/en\/wp-json\/wp\/v2\/mec_category?post=12608"}],"curies":[{"name":"wp","href":"https:\/\/api.w.org\/{rel}","templated":true}]}}